{"id":509,"date":"2026-01-18T17:25:12","date_gmt":"2026-01-18T17:25:12","guid":{"rendered":"https:\/\/lauramanzanera.com\/?page_id=509"},"modified":"2026-02-24T18:57:09","modified_gmt":"2026-02-24T18:57:09","slug":"jane-austen","status":"publish","type":"page","link":"https:\/\/lauramanzanera.com\/?page_id=509","title":{"rendered":"Jane Austen"},"content":{"rendered":"\n\n\n<div class=\"wp-block-columns is-layout-flex wp-container-core-columns-is-layout-9d6595d7 wp-block-columns-is-layout-flex\">\n<div class=\"wp-block-column is-layout-flow wp-block-column-is-layout-flow\" style=\"flex-basis:33.33%\">\n<figure class=\"wp-block-image size-large\"><img loading=\"lazy\" decoding=\"async\" width=\"652\" height=\"1024\" src=\"https:\/\/lauramanzanera.com\/wp-content\/uploads\/2026\/01\/jane-tamano-652x1024.jpg\" alt=\"\" class=\"wp-image-475\" srcset=\"https:\/\/lauramanzanera.com\/wp-content\/uploads\/2026\/01\/jane-tamano-652x1024.jpg 652w, https:\/\/lauramanzanera.com\/wp-content\/uploads\/2026\/01\/jane-tamano-191x300.jpg 191w, https:\/\/lauramanzanera.com\/wp-content\/uploads\/2026\/01\/jane-tamano-768x1206.jpg 768w, https:\/\/lauramanzanera.com\/wp-content\/uploads\/2026\/01\/jane-tamano-978x1536.jpg 978w, https:\/\/lauramanzanera.com\/wp-content\/uploads\/2026\/01\/jane-tamano.jpg 1019w\" sizes=\"auto, (max-width: 652px) 100vw, 652px\" \/><\/figure>\n<\/div>\n\n\n\n<div class=\"wp-block-column is-layout-flow wp-block-column-is-layout-flow\" style=\"flex-basis:66.66%\">\n<details class=\"wp-block-details is-layout-flow wp-block-details-is-layout-flow\"><summary>Jane Austen no solo escribi\u00f3 grandes novelas, sino que en sus libros retrat\u00f3 con maestr\u00eda una \u00e9poca y el modo de vida de su clase social: la nobleza rural inglesa de principios del siglo XIX.<br>Descubre en este libro por qu\u00e9 reglas sociales se reg\u00edan, a qu\u00e9 dedicaban su tiempo libre, c\u00f3mo era la moda de la \u00e9poca y qu\u00e9 complementos usaban. En definitiva, qu\u00e9 hac\u00edan y c\u00f3mo era la vida privada durante la \u00e9poca de Regencia para comprender y disfrutar mejor de la literatura de esta gran autora.<\/summary>\n<p><\/p>\n<\/details>\n<\/div>\n<\/div>\n\n\n\n<p><a href=\"https:\/\/www.editorialalma.com\/libros\/jane-austen-vida-privada-en-la-epoca-de-regencia\">Editorial Alma<\/a>, 2023<\/p>\n\n\n","protected":false},"excerpt":{"rendered":"<p>Editorial Alma, 2023<\/p>\n","protected":false},"author":2,"featured_media":0,"parent":0,"menu_order":0,"comment_status":"closed","ping_status":"closed","template":"","meta":{"footnotes":""},"class_list":["post-509","page","type-page","status-publish","hentry"],"_links":{"self":[{"href":"https:\/\/lauramanzanera.com\/index.php?rest_route=\/wp\/v2\/pages\/509","targetHints":{"allow":["GET"]}}],"collection":[{"href":"https:\/\/lauramanzanera.com\/index.php?rest_route=\/wp\/v2\/pages"}],"about":[{"href":"https:\/\/lauramanzanera.com\/index.php?rest_route=\/wp\/v2\/types\/page"}],"author":[{"embeddable":true,"href":"https:\/\/lauramanzanera.com\/index.php?rest_route=\/wp\/v2\/users\/2"}],"replies":[{"embeddable":true,"href":"https:\/\/lauramanzanera.com\/index.php?rest_route=%2Fwp%2Fv2%2Fcomments&post=509"}],"version-history":[{"count":5,"href":"https:\/\/lauramanzanera.com\/index.php?rest_route=\/wp\/v2\/pages\/509\/revisions"}],"predecessor-version":[{"id":739,"href":"https:\/\/lauramanzanera.com\/index.php?rest_route=\/wp\/v2\/pages\/509\/revisions\/739"}],"wp:attachment":[{"href":"https:\/\/lauramanzanera.com\/index.php?rest_route=%2Fwp%2Fv2%2Fmedia&parent=509"}],"curies":[{"name":"wp","href":"https:\/\/api.w.org\/{rel}","templated":true}]}}